{"id":540,"date":"2015-12-07T12:09:07","date_gmt":"2015-12-07T10:09:07","guid":{"rendered":"https:\/\/www.paroisse-sjeg.fr\/wp\/?page_id=540"},"modified":"2023-02-18T15:29:04","modified_gmt":"2023-02-18T14:29:04","slug":"funerailles","status":"publish","type":"page","link":"https:\/\/www.paroisse-sjeg.fr\/index.php\/celebrer\/funerailles\/","title":{"rendered":"Fun\u00e9railles"},"content":{"rendered":"<h2><span style=\"color: #0000ff;\">Une \u00e9glise proche de vous en cas de d\u00e9c\u00e8s<br \/>\n<\/span><\/h2>\n<p>Un d\u00e9c\u00e8s vient d\u2019avoir lieu dans votre famille et vous souhaitez une c\u00e9l\u00e9bration \u00e0 l\u2019\u00e9glise.<\/p>\n<p>La communaut\u00e9 paroissiale s\u2019associe \u00e0 votre peine et tous les chr\u00e9tiens de la paroisse Saint-Jean-d\u2019Erdre-et-Gesvres prieront pour le d\u00e9funt et sa famille.<\/p>\n<p>La c\u00e9l\u00e9bration est pr\u00e9sid\u00e9e par un pr\u00eatre, un diacre ou un la\u00efc qui a re\u00e7u mission de l\u2019\u00e9v\u00eaque. Il est accompagn\u00e9 d\u2019un autre membre de l\u2019\u00e9quipe d\u2019accueil des familles en deuil.<\/p>\n<p>Ces personnes seront pr\u00e9sentes lors de la pr\u00e9paration de la c\u00e9l\u00e9bration et assureront, si vous le souhaitez, une pri\u00e8re au cimeti\u00e8re.<\/p>\n<p><a href=\"https:\/\/www.paroisse-sjeg.fr\/wp-content\/uploads\/2015\/12\/Sepulture1.jpg\"><img loading=\"lazy\" decoding=\"async\" class=\"size-medium wp-image-606 aligncenter\" src=\"https:\/\/www.paroisse-sjeg.fr\/wp-content\/uploads\/2015\/12\/Sepulture1-300x225.jpg\" alt=\"Sepulture\" width=\"300\" height=\"225\" srcset=\"https:\/\/www.paroisse-sjeg.fr\/wp-content\/uploads\/2015\/12\/Sepulture1-300x225.jpg 300w, https:\/\/www.paroisse-sjeg.fr\/wp-content\/uploads\/2015\/12\/Sepulture1.jpg 373w\" sizes=\"auto, (max-width: 300px) 100vw, 300px\" \/><\/a><\/p>\n<h2><span style=\"color: #0000ff;\">Que faire lors du d\u00e9c\u00e8s d\u2019un proche ? <\/span><\/h2>\n<p>Vous devez\u00a0:<\/p>\n<ul>\n<li>Contacter l\u2019\u00e9tablissement des Pompes Fun\u00e8bres que vous avez choisi\u00a0;<\/li>\n<li>En votre pr\u00e9sence, les Pompes Fun\u00e8bres appelleront le presbyt\u00e8re (t\u00e9l\u00e9phone : 02 40 37 97 43 ou 07 84 84 76 27 ) pour convenir d\u2019un jour et d\u2019une heure pour la c\u00e9l\u00e9bration des fun\u00e9railles. Vous conviendrez alors d\u2019un moment pour pr\u00e9parer la c\u00e9l\u00e9bration avec l\u2019officiant et l\u2019accompagnant de la paroisse.<\/li>\n<\/ul>\n<h2><span style=\"color: #0000ff;\">Familles en deuil : \u00e9coute et accompagnement <\/span><\/h2>\n<p style=\"text-align: justify;\"><em>Les \u00e9quipes d\u2019accompagnement des familles en deuil de nos trois communaut\u00e9s repr\u00e9sentent une trentaine de personnes qui travaillent toutes en \u00e9troite collaboration. Lors du d\u00e9c\u00e8s d\u2019une personne de la paroisse plusieurs membres sont charg\u00e9s de contacter la famille. Ils aident \u00e0 pr\u00e9parer la rencontre avec l\u2019officiant de service ou le pr\u00eatre en vue de la c\u00e9l\u00e9bration des fun\u00e9railles.<\/em><\/p>\n<p style=\"text-align: justify;\"><strong>A l\u2019\u00e9coute, les accompagnants ont pour commencer un r\u00f4le d\u2019accueil<\/strong>. \u00ab La douleur, quelquefois la r\u00e9volte et souvent le d\u00e9sarroi des familles sont \u00e0 entendre dans le respect de la parole et la discr\u00e9tion \u00bb. Les familles qui demandent une c\u00e9r\u00e9monie religieuse ne sont pas n\u00e9cessairement proches de l\u2019\u00c9glise\u2026 souvent par respect pour le parent d\u00e9funt &#8230;toutefois elles sont en attente de r\u00e9confort et quelquefois d\u2019Esp\u00e9rance \u2026 L\u2019\u00e2ge du d\u00e9funt, les circonstances du d\u00e9c\u00e8s nous demandent une grande attention, un choix dans les mots \u00e0 prononcer\u2026 \u00ab Je trouve la force de mes mots, ma compassion, dans l\u2019humanit\u00e9 du Christ. Lui aussi, a eu des moments de r\u00e9volte, de col\u00e8re \u00e0 contre-courant des chefs religieux&#8230;Lui aussi a pleur\u00e9 son ami Lazare, a connu la souffrance, l\u2019abandon de ses amis\u2026. \u00bb. \u00ab Chaque rencontre est diff\u00e9rente et nous am\u00e8ne \u00e0 voir la mort d\u2019une autre fa\u00e7on. Ce qui est plus difficile ce sont les d\u00e9c\u00e8s de jeunes. Heureusement que dans certaines rencontres l\u2019officiant ou le pr\u00eatre sont l\u00e0 ! Ils posent et apaisent la douleur en prenant le temps de conna\u00eetre celui ou celle qui s\u2019en va \u00bb. L\u2019officiant, membre missionn\u00e9 par l\u2019\u00e9v\u00eaque pour conduire des s\u00e9pultures en l\u2019absence de pr\u00eatres, et l\u2019\u00e9quipe d\u2019accompagnants doivent traduire dans le d\u00e9roulement de la c\u00e9l\u00e9bration cette proximit\u00e9 devant la souffrance transcend\u00e9e dans la pri\u00e8re. Les familles sont invit\u00e9es \u00e0 participer activement au d\u00e9roulement de la c\u00e9l\u00e9bration en faisant une lecture, en permettant aux enfants et petits-enfants de venir d\u00e9poser une votive allum\u00e9e sur le cercueil de la personne d\u00e9funte. A partir du <strong>livret \u00ab AU REVOIR \u00bb<\/strong> o\u00f9 se retrouvent les textes de la Bible les plus souvent choisis, les familles ont des exemples de chants, textes et intentions de pri\u00e8res.<\/p>\n<p style=\"text-align: justify;\"><strong>Il ressort souvent de ces rencontres une proximit\u00e9 de la famille avec l\u2019\u00e9quipe<\/strong>. \u00ab Au travers des difficult\u00e9s, des souffrances confi\u00e9es par les familles et l\u2019apaisement ressenti apr\u00e8s la c\u00e9r\u00e9monie, notre Foi est renforc\u00e9e pour continuer. Nous invitons les familles \u00e0 participer chaque 2 novembre \u00e0 la c\u00e9l\u00e9bration pour les d\u00e9funts. Nous recevons souvent des remerciements. Il arrive que ce soit le moment d\u2019un nouveau d\u00e9part pour certaines familles&#8230; des liens perdus qui se renouent&#8230; un retour vers la pri\u00e8re&#8230; \u00bb. L\u2019ensemble des membres de nos \u00e9quipes se retrouvent deux fois par an pour \u00e9changer et r\u00e9fl\u00e9chir sur les am\u00e9nagements \u00e9ventuels \u00e0 apporter \u00e0 notre d\u00e9marche. Ces deux temps forts permettent une coh\u00e9sion m\u00eame si parfois des diff\u00e9rences d\u2019approche et d\u2019analyse bien compr\u00e9hensibles se font jour.<\/p>\n<p><strong>Officiants ou membre d\u2019\u00e9quipe, nous essayons de vivre notre activit\u00e9 dans la plus grande charit\u00e9 comme un service d\u2019\u00c9glise.<\/strong><\/p>\n<p>Information ou contact aux permanences des presbyt\u00e8res &#8211;<br \/>\nT\u00e9l. 07 84 84 76 27<\/p>\n<p style=\"text-align: right;\">Servane A.<\/p>\n","protected":false},"excerpt":{"rendered":"<p>Une \u00e9glise proche de vous en cas de d\u00e9c\u00e8s Un d\u00e9c\u00e8s vient d\u2019avoir lieu dans votre famille et vous souhaitez une c\u00e9l\u00e9bration \u00e0 l\u2019\u00e9glise. La communaut\u00e9 paroissiale s\u2019associe \u00e0 votre peine et tous les chr\u00e9tiens de la paroisse Saint-Jean-d\u2019Erdre-et-Gesvres prieront pour le d\u00e9funt et sa famille. La c\u00e9l\u00e9bration est pr\u00e9sid\u00e9e par un pr\u00eatre, un diacre [&hellip;]<\/p>\n","protected":false},"author":1,"featured_media":0,"parent":521,"menu_order":0,"comment_status":"closed","ping_status":"closed","template":"","meta":{"footnotes":""},"folder":[],"class_list":["post-540","page","type-page","status-publish","czr-hentry"],"_links":{"self":[{"href":"https:\/\/www.paroisse-sjeg.fr\/index.php\/wp-json\/wp\/v2\/pages\/540","targetHints":{"allow":["GET"]}}],"collection":[{"href":"https:\/\/www.paroisse-sjeg.fr\/index.php\/wp-json\/wp\/v2\/pages"}],"about":[{"href":"https:\/\/www.paroisse-sjeg.fr\/index.php\/wp-json\/wp\/v2\/types\/page"}],"author":[{"embeddable":true,"href":"https:\/\/www.paroisse-sjeg.fr\/index.php\/wp-json\/wp\/v2\/users\/1"}],"replies":[{"embeddable":true,"href":"https:\/\/www.paroisse-sjeg.fr\/index.php\/wp-json\/wp\/v2\/comments?post=540"}],"version-history":[{"count":3,"href":"https:\/\/www.paroisse-sjeg.fr\/index.php\/wp-json\/wp\/v2\/pages\/540\/revisions"}],"predecessor-version":[{"id":6770,"href":"https:\/\/www.paroisse-sjeg.fr\/index.php\/wp-json\/wp\/v2\/pages\/540\/revisions\/6770"}],"up":[{"embeddable":true,"href":"https:\/\/www.paroisse-sjeg.fr\/index.php\/wp-json\/wp\/v2\/pages\/521"}],"wp:attachment":[{"href":"https:\/\/www.paroisse-sjeg.fr\/index.php\/wp-json\/wp\/v2\/media?parent=540"}],"wp:term":[{"taxonomy":"folder","embeddable":true,"href":"https:\/\/www.paroisse-sjeg.fr\/index.php\/wp-json\/wp\/v2\/folder?post=540"}],"curies":[{"name":"wp","href":"https:\/\/api.w.org\/{rel}","templated":true}]}}