{"id":524,"date":"2015-12-07T12:01:41","date_gmt":"2015-12-07T10:01:41","guid":{"rendered":"https:\/\/www.paroisse-sjeg.fr\/wp\/?page_id=524"},"modified":"2026-01-07T20:28:52","modified_gmt":"2026-01-07T19:28:52","slug":"jeunes-2","status":"publish","type":"page","link":"https:\/\/www.paroisse-sjeg.fr\/index.php\/vivre-sa-foi\/jeunes-2\/","title":{"rendered":"Jeunes"},"content":{"rendered":"<h3 style=\"text-align: center;\"><span style=\"color: #993300;\"><em>Heureux de grandir, Heureux de vivre, Heureux de croire, Heureux d\u2019agir<\/em><\/span><\/h3>\n<h4><span style=\"color: #993300;\"><u>Messe des jeunes<\/u><\/span><em> \u00a0 \u00a0 \u00a0 \u00a0 \u00a0\u00a0 <\/em><\/h4>\n<h4>vendredi 19h30 \u00e0 La Chapelle (hors vacances scolaires)<\/h4>\n<h4><span style=\"color: #993300;\"><u>Pr\u00e9paration aux sacrements de l\u2019initiation<\/u> :<\/span> Bapt\u00eame, premi\u00e8re communion, confirmation<\/h4>\n<p>A tout \u00e2ge il est possible de se pr\u00e9parer, en \u00e9quipe, au <span style=\"text-decoration: underline;\">bapt\u00eame<\/span> et \u00e0 la <span style=\"text-decoration: underline;\">premi\u00e8re eucharistie<\/span>.<\/p>\n<p>A partir de 15 ans, les jeunes qui le souhaitent peuvent se pr\u00e9parer au <a href=\"https:\/\/www.paroisse-sjeg.fr\/index.php\/celebrer\/sacrement-de-confirmation\/\"><span style=\"text-decoration: underline;\">sacrement de confirmation<\/span><\/a>. Avec l\u2019\u00e9quipe d\u2019animateurs compos\u00e9e de pr\u00eatres, parents et tuteurs ils cheminent pendant un an lors de r\u00e9unions en \u00e9quipe et de temps forts avec des jeunes d\u2019autres paroisses.<\/p>\n<p>\u00a0<\/p>\n<h4><u><span style=\"color: #993300;\">Soir\u00e9e Aum\u00f4nerie<\/span><br \/><\/u><em>Convivialit\u00e9 et partage<\/em><\/h4>\n<p>Les jeunes se retrouvent une fois par mois, apr\u00e8s la messe des jeunes.\u00a0<\/p>\n<p>Coordination: en cours de discernement\u00a0<\/p>\n<p><i>Contact 6e : Anne DUPIN, 06 80 84 76 83\u00a0<\/i><\/p>\n<p><i>Contact 5e-4e-3e : \u00a0Salimata VALLEE, 07 62 19 66 77<\/i><\/p>\n<p>Contact lyc\u00e9e : J\u00e9r\u00e9mie et Louise Caratg\u00e9, 06 28 81 92 36\u00a0<\/p>\n<p>\u00a0<\/p>\n<h4><u><span style=\"color: #993300;\">\u00c9v\u00e9nements exceptionnels<\/span><br \/><\/u><em>D\u00e9couvrir l\u2019Eglise universelle<\/em><\/h4>\n<p>La paroisse propose aux jeunes de se joindre \u00e0 des rassemblements dioc\u00e9sains, nationaux ou internationaux\u00a0: Happy day, Lourdes, Taiz\u00e9, Journ\u00e9es Mondiales de la Jeunesse, etc.<strong>\u00a0 \u00a0 \u00a0 \u00a0 \u00a0 \u00a0 \u00a0 \u00a0\u00a0<\/strong><\/p>\n\n\n<p><\/p>\n","protected":false},"excerpt":{"rendered":"<p>Heureux de grandir, Heureux de vivre, Heureux de croire, Heureux d\u2019agir Messe des jeunes \u00a0 \u00a0 \u00a0 \u00a0 \u00a0\u00a0 vendredi 19h30 \u00e0 La Chapelle (hors vacances scolaires) Pr\u00e9paration aux sacrements de l\u2019initiation : Bapt\u00eame, premi\u00e8re communion, confirmation A tout \u00e2ge il est possible de se pr\u00e9parer, en \u00e9quipe, au bapt\u00eame et \u00e0 la premi\u00e8re eucharistie. [&hellip;]<\/p>\n","protected":false},"author":1,"featured_media":0,"parent":17,"menu_order":0,"comment_status":"closed","ping_status":"closed","template":"","meta":{"footnotes":""},"folder":[],"class_list":["post-524","page","type-page","status-publish","czr-hentry"],"_links":{"self":[{"href":"https:\/\/www.paroisse-sjeg.fr\/index.php\/wp-json\/wp\/v2\/pages\/524","targetHints":{"allow":["GET"]}}],"collection":[{"href":"https:\/\/www.paroisse-sjeg.fr\/index.php\/wp-json\/wp\/v2\/pages"}],"about":[{"href":"https:\/\/www.paroisse-sjeg.fr\/index.php\/wp-json\/wp\/v2\/types\/page"}],"author":[{"embeddable":true,"href":"https:\/\/www.paroisse-sjeg.fr\/index.php\/wp-json\/wp\/v2\/users\/1"}],"replies":[{"embeddable":true,"href":"https:\/\/www.paroisse-sjeg.fr\/index.php\/wp-json\/wp\/v2\/comments?post=524"}],"version-history":[{"count":17,"href":"https:\/\/www.paroisse-sjeg.fr\/index.php\/wp-json\/wp\/v2\/pages\/524\/revisions"}],"predecessor-version":[{"id":7847,"href":"https:\/\/www.paroisse-sjeg.fr\/index.php\/wp-json\/wp\/v2\/pages\/524\/revisions\/7847"}],"up":[{"embeddable":true,"href":"https:\/\/www.paroisse-sjeg.fr\/index.php\/wp-json\/wp\/v2\/pages\/17"}],"wp:attachment":[{"href":"https:\/\/www.paroisse-sjeg.fr\/index.php\/wp-json\/wp\/v2\/media?parent=524"}],"wp:term":[{"taxonomy":"folder","embeddable":true,"href":"https:\/\/www.paroisse-sjeg.fr\/index.php\/wp-json\/wp\/v2\/folder?post=524"}],"curies":[{"name":"wp","href":"https:\/\/api.w.org\/{rel}","templated":true}]}}